{"id":6778,"date":"2025-03-13T18:09:44","date_gmt":"2025-03-13T18:09:44","guid":{"rendered":"https:\/\/tenerifetoptours.com\/trip\/privater-ausflug-zum-nationalpark-el-teide\/"},"modified":"2025-03-26T11:51:17","modified_gmt":"2025-03-26T11:51:17","slug":"privater-ausflug-zum-nationalpark-el-teide","status":"publish","type":"trip","link":"https:\/\/tenerifetoptours.com\/de\/trip\/privater-ausflug-zum-nationalpark-el-teide\/","title":{"rendered":"Privater Ausflug zum Nationalpark El Teide"},"content":{"rendered":"\t\t<div data-elementor-type=\"wp-post\" data-elementor-id=\"6778\" class=\"elementor elementor-6778 elementor-6460\" data-elementor-post-type=\"trip\">\n\t\t\t\t<div class=\"elementor-element elementor-element-28d06f07 e-flex e-con-boxed e-con e-parent\" data-id=\"28d06f07\" data-element_type=\"container\" data-e-type=\"container\" id=\"reservar\">\n\t\t\t\t\t<div class=\"e-con-inner\">\n\t\t\t\t<div class=\"elementor-element elementor-element-246d8272 elementor-widget elementor-widget-html\" data-id=\"246d8272\" data-element_type=\"widget\" data-e-type=\"widget\" data-widget_type=\"html.default\">\n\t\t\t\t<div class=\"elementor-widget-container\">\n\t\t\t\t\t<div class=\"load-turitop\" data-service=\"P14\" data-lang=\"de\" data-embed=\"box\"><\/div>\t\t\t\t<\/div>\n\t\t\t\t<\/div>\n\t\t\t\t\t<\/div>\n\t\t\t\t<\/div>\n\t\t<div class=\"elementor-element elementor-element-28d9d39c e-flex e-con-boxed e-con e-parent\" data-id=\"28d9d39c\" data-element_type=\"container\" data-e-type=\"container\">\n\t\t\t\t\t<div class=\"e-con-inner\">\n\t\t<div class=\"elementor-element elementor-element-2135e130 e-con-full e-flex e-con e-child\" data-id=\"2135e130\" data-element_type=\"container\" data-e-type=\"container\">\n\t\t\r\n\t\t<div class=\"elementor-element elementor-element-536016d6 elementor-widget elementor-widget-text-editor\" data-id=\"536016d6\" data-element_type=\"widget\" data-e-type=\"widget\" data-widget_type=\"text-editor.default\">\n\t\t\t\t<div class=\"elementor-widget-container\">\n\t\t\t\t\t\t\t\t\t<h5><strong>Exklusive Exkursion zum Berg Teide: ein Erlebnis \u00e0 la carte<\/strong><\/h5><p>Entdecken Sie den <strong>Pico del Teide<\/strong>, den h\u00f6chsten Berg Spaniens mit einer H\u00f6he von <strong>3.718 Metern<\/strong>, auf einem exklusiven Ausflug, der nur f\u00fcr Sie bestimmt ist. Mit unseren <strong>Fahrern und Reiseleitern<\/strong> reisen Sie durch eines der von der UNESCO anerkannten <strong>Weltnaturerbegebiete<\/strong>, in dem die Natur beeindruckende Landschaften und einzigartige Kontraste entfaltet. <\/p><p>Genie\u00dfen Sie <strong>spektakul\u00e4re Panoramablicke<\/strong>, bei denen der Horizont mit dem Meer verschmilzt und an klaren Tagen mehrere Inseln des Archipels zu erkennen sind. Der Teide-Nationalpark entf\u00fchrt Sie in eine andere Welt mit einer Landschaft, die wie aus einem Film wirkt. <\/p><p>Erleben Sie eine unvergessliche Erfahrung in einer der faszinierendsten Landschaften der Kanarischen Inseln.<\/p>\t\t\t\t\t\t\t\t<\/div>\n\t\t\t\t<\/div>\n\t\t\t\t<\/div>\n\t\t<div class=\"elementor-element elementor-element-611a4904 e-con-full e-flex e-con e-child\" data-id=\"611a4904\" data-element_type=\"container\" data-e-type=\"container\" data-settings=\"{&quot;background_background&quot;:&quot;classic&quot;}\">\n\t\t\t\t<div class=\"elementor-element elementor-element-7dfee2d7 elementor-widget elementor-widget-tourmfeatures\" data-id=\"7dfee2d7\" data-element_type=\"widget\" data-e-type=\"widget\" data-widget_type=\"tourmfeatures.default\">\n\t\t\t\t<div class=\"elementor-widget-container\">\n\t\t\t\t\t<div class=\"choose-about style2 hover-item item-active\"><div class=\"choose-about_icon\"><img decoding=\"async\" src=\"https:\/\/tenerifetoptours.com\/wp-content\/uploads\/2025\/03\/speedometer-1.png\" alt=\"image\"><\/div><div class=\"media-body\"><h3 class=\"box-title \">Physische Schwierigkeiten<\/h3><p class=\"choose-about_text desc\">Sehr leicht<\/p><\/div><\/div><div class=\"choose-about style2 hover-item \"><div class=\"choose-about_icon\"><img decoding=\"async\" src=\"https:\/\/tenerifetoptours.com\/wp-content\/uploads\/2024\/12\/pickup-truck.png\" alt=\"image\"><\/div><div class=\"media-body\"><h3 class=\"box-title \">Sammlung<\/h3><p class=\"choose-about_text desc\">Hotel\/Unterkunft: 09:30 Uhr - 9:30 Uhr \nZeit kann mit dem Kunden vereinbart werden<\/p><\/div><\/div><div class=\"choose-about style2 hover-item \"><div class=\"choose-about_icon\"><img decoding=\"async\" src=\"https:\/\/tenerifetoptours.com\/wp-content\/uploads\/2024\/12\/info.png\" alt=\"image\"><\/div><div class=\"media-body\"><h3 class=\"box-title \">Zus\u00e4tzliche<\/h3><p class=\"choose-about_text desc\">Mindestanzahl von 2 Personen pro Buchung<\/p><\/div><\/div>\t\t\t\t<\/div>\n\t\t\t\t<\/div>\n\t\t\t\t<\/div>\n\t\t\t\t\t<\/div>\n\t\t\t\t<\/div>\n\t\t<div class=\"elementor-element elementor-element-fd970ae e-flex e-con-boxed e-con e-parent\" data-id=\"fd970ae\" data-element_type=\"container\" data-e-type=\"container\">\n\t\t\t\t\t<div class=\"e-con-inner\">\n\t\t\t\t<div class=\"elementor-element elementor-element-470c8351 e-n-tabs-mobile elementor-widget elementor-widget-n-tabs\" data-id=\"470c8351\" data-element_type=\"widget\" data-e-type=\"widget\" data-settings=\"{&quot;horizontal_scroll&quot;:&quot;disable&quot;}\" data-widget_type=\"nested-tabs.default\">\n\t\t\t\t<div class=\"elementor-widget-container\">\n\t\t\t\t\t\t\t<div class=\"e-n-tabs\" data-widget-number=\"1192002385\" aria-label=\"Tabs. Open items with Enter or Space, close with Escape and navigate using the Arrow keys.\">\n\t\t\t<div class=\"e-n-tabs-heading\" role=\"tablist\">\n\t\t\t\t\t<button id=\"e-n-tab-title-11920023851\" data-tab-title-id=\"e-n-tab-title-11920023851\" class=\"e-n-tab-title\" aria-selected=\"true\" data-tab-index=\"1\" role=\"tab\" tabindex=\"0\" aria-controls=\"e-n-tab-content-11920023851\" style=\"--n-tabs-title-order: 1;\">\n\t\t\t\t\t\t<span class=\"e-n-tab-title-text\">\n\t\t\t\tITINERAR\t\t\t<\/span>\n\t\t<\/button>\n\t\t\t\t<button id=\"e-n-tab-title-11920023852\" data-tab-title-id=\"e-n-tab-title-11920023852\" class=\"e-n-tab-title\" aria-selected=\"false\" data-tab-index=\"2\" role=\"tab\" tabindex=\"-1\" aria-controls=\"e-n-tab-content-11920023852\" style=\"--n-tabs-title-order: 2;\">\n\t\t\t\t\t\t<span class=\"e-n-tab-title-text\">\n\t\t\t\tZUS\u00c4TZLICHE INFORMATIONEN\t\t\t<\/span>\n\t\t<\/button>\n\t\t\t\t<button id=\"e-n-tab-title-11920023853\" data-tab-title-id=\"e-n-tab-title-11920023853\" class=\"e-n-tab-title\" aria-selected=\"false\" data-tab-index=\"3\" role=\"tab\" tabindex=\"-1\" aria-controls=\"e-n-tab-content-11920023853\" style=\"--n-tabs-title-order: 3;\">\n\t\t\t\t\t\t<span class=\"e-n-tab-title-text\">\n\t\t\t\tBUCHUNGSINFORMATIONEN\t\t\t<\/span>\n\t\t<\/button>\n\t\t\t\t<button id=\"e-n-tab-title-11920023854\" data-tab-title-id=\"e-n-tab-title-11920023854\" class=\"e-n-tab-title\" aria-selected=\"false\" data-tab-index=\"4\" role=\"tab\" tabindex=\"-1\" aria-controls=\"e-n-tab-content-11920023854\" style=\"--n-tabs-title-order: 4;\">\n\t\t\t\t\t\t<span class=\"e-n-tab-title-text\">\n\t\t\t\tANNULLIERUNGEN\t\t\t<\/span>\n\t\t<\/button>\n\t\t\t\t\t<\/div>\n\t\t\t<div class=\"e-n-tabs-content\">\n\t\t\t\t<div id=\"e-n-tab-content-11920023851\" role=\"tabpanel\" aria-labelledby=\"e-n-tab-title-11920023851\" data-tab-index=\"1\" style=\"--n-tabs-title-order: 1;\" class=\"e-active elementor-element elementor-element-195d510c e-con-full e-flex e-con e-child\" data-id=\"195d510c\" data-element_type=\"container\" data-e-type=\"container\">\n\t\t<div class=\"elementor-element elementor-element-45f1b585 e-flex e-con-boxed e-con e-child\" data-id=\"45f1b585\" data-element_type=\"container\" data-e-type=\"container\">\n\t\t\t\t\t<div class=\"e-con-inner\">\n\t\t\t\t<div class=\"elementor-element elementor-element-7aca5df5 elementor-widget elementor-widget-text-editor\" data-id=\"7aca5df5\" data-element_type=\"widget\" data-e-type=\"widget\" data-widget_type=\"text-editor.default\">\n\t\t\t\t<div class=\"elementor-widget-container\">\n\t\t\t\t\t\t\t\t\t<div class=\"et_pb_column et_pb_column_1_2 et_pb_column_2 et_pb_css_mix_blend_mode_passthrough\"><div class=\"et_pb_module et_pb_blurb et_pb_blurb_1 et_pb_text_align_left et_pb_blurb_position_top et_pb_bg_layout_light\"><div class=\"et_pb_blurb_content\"><div class=\"et_pb_blurb_container\"><div class=\"et_pb_blurb_description\"><div class=\"et_pb_column et_pb_column_1_2 et_pb_column_2 et_pb_css_mix_blend_mode_passthrough\"><div class=\"et_pb_module et_pb_blurb et_pb_blurb_1 et_pb_text_align_left et_pb_blurb_position_top et_pb_bg_layout_light\"><div class=\"et_pb_blurb_content\"><div class=\"et_pb_blurb_container\"><div class=\"et_pb_blurb_description\"><p>Nachdem wir Sie in Ihrem Hotel auf Teneriffa abgeholt haben, fahren wir zum Teide-Nationalpark, wo wir die Route an die Lage Ihres Hotels anpassen und\/oder Sie die Route individuell gestalten k\u00f6nnen. Sie werden Landschaften wie auf einem anderen Planeten erleben, denn es handelt sich um eine der spektakul\u00e4rsten Erscheinungsformen des Vulkanismus auf der Welt.<\/p><p>Wir werden an den zahlreichen Aussichtspunkten anhalten, um die atemberaubende Landschaft, das Besucherzentrum, die Roques de Garc\u00eda, den Mirador de la tarta und den Zapato de la reina zu bewundern, die zweifelsohne das Wahrzeichen Teneriffas sind. Sie wandern durch die vulkanische Lava und f\u00fchlen sich ganz klein, wenn Sie die beeindruckende Umgebung sehen, die von der UNESCO zum Weltkulturerbe erkl\u00e4rt wurde. <\/p><\/div><\/div><\/div><\/div><\/div><div class=\"et_pb_column et_pb_column_1_2 et_pb_column_3 et_pb_css_mix_blend_mode_passthrough et-last-child\"><div class=\"et_pb_module et_pb_blurb et_pb_blurb_2 et_pb_text_align_left et_pb_blurb_position_top et_pb_bg_layout_light\"><div class=\"et_pb_blurb_content\"><div class=\"et_pb_blurb_container\"><p class=\"et_pb_module_header\"><strong>INKLUSIVE:<\/strong><\/p><div class=\"et_pb_blurb_description\"><ul><li>Privater Ausflug vom Abholpunkt am Morgen zum R\u00fcckgabepunkt.<\/li><li>Sie haben 1 Fahrer\/Guide, der Sie w\u00e4hrend der gesamten Strecke begleitet.<\/li><\/ul><\/div><\/div><\/div><\/div><div class=\"et_pb_module et_pb_blurb et_pb_blurb_3 et_pb_text_align_left et_pb_blurb_position_top et_pb_bg_layout_light\"><div class=\"et_pb_blurb_content\"><div class=\"et_pb_blurb_container\"><p class=\"et_pb_module_header\"><strong>NICHT INBEGRIFFEN:<\/strong><\/p><div class=\"et_pb_blurb_description\"><ul><li>Mittagessen, aber es besteht die M\u00f6glichkeit, in einem Restaurant einzukehren.<\/li><li>Eintrittskarten f\u00fcr das Teleferico.<\/li><li>All das wird in dem enthaltenen Abschnitt nicht erw\u00e4hnt.<\/li><\/ul><\/div><\/div><\/div><\/div><\/div><\/div><\/div><\/div><\/div><\/div>\t\t\t\t\t\t\t\t<\/div>\n\t\t\t\t<\/div>\n\t\t\t\t\t<\/div>\n\t\t\t\t<\/div>\n\t\t\t\t<\/div>\n\t\t<div id=\"e-n-tab-content-11920023852\" role=\"tabpanel\" aria-labelledby=\"e-n-tab-title-11920023852\" data-tab-index=\"2\" style=\"--n-tabs-title-order: 2;\" class=\" elementor-element elementor-element-60d8fa00 e-con-full e-flex e-con e-child\" data-id=\"60d8fa00\" data-element_type=\"container\" data-e-type=\"container\">\n\t\t<div class=\"elementor-element elementor-element-2c5477df e-flex e-con-boxed e-con e-child\" data-id=\"2c5477df\" data-element_type=\"container\" data-e-type=\"container\">\n\t\t\t\t\t<div class=\"e-con-inner\">\n\t\t\t\t<div class=\"elementor-element elementor-element-131da772 elementor-widget elementor-widget-text-editor\" data-id=\"131da772\" data-element_type=\"widget\" data-e-type=\"widget\" data-widget_type=\"text-editor.default\">\n\t\t\t\t<div class=\"elementor-widget-container\">\n\t\t\t\t\t\t\t\t\t<div class=\"et_pb_column et_pb_column_1_2 et_pb_column_5 et_pb_css_mix_blend_mode_passthrough\"><div class=\"et_pb_module et_pb_blurb et_pb_blurb_4 et_pb_text_align_left et_pb_blurb_position_top et_pb_bg_layout_light\"><div class=\"et_pb_blurb_content\"><div class=\"et_pb_blurb_container\"><div class=\"et_pb_blurb_description\"><div class=\"et_pb_column et_pb_column_1_2 et_pb_column_5 et_pb_css_mix_blend_mode_passthrough\"><div class=\"et_pb_module et_pb_blurb et_pb_blurb_4 et_pb_text_align_left et_pb_blurb_position_top et_pb_bg_layout_light\"><div class=\"et_pb_blurb_content\"><div class=\"et_pb_blurb_container\"><div class=\"et_pb_blurb_description\"><div class=\"et_pb_column et_pb_column_1_2 et_pb_column_5 et_pb_css_mix_blend_mode_passthrough\"><div class=\"et_pb_module et_pb_blurb et_pb_blurb_4 et_pb_text_align_left et_pb_blurb_position_top et_pb_bg_layout_light\"><div class=\"et_pb_blurb_content\"><div class=\"et_pb_blurb_container\"><div class=\"et_pb_blurb_description\"><p><strong>Mindestanzahl von Personen pro Buchung:<br><\/strong>2 Personen<\/p><p><strong>Physische Schwierigkeit:<br><\/strong>Sehr leicht<\/p><p><strong>Was Sie mitbringen sollten<\/strong>:<br>Bequeme Kleidung und Schuhe, warme Jacke,<\/p><p><strong>Wo und zu welcher Uhrzeit erfolgt die Abholung?<br><\/strong>Hotel\/Unterkunft: 09:30<br>Die Uhrzeit kann mit dem Kunden vereinbart werden<\/p><p><strong>Wo und zu welcher Zeit die Lieferung stattfindet<\/strong>:<br>Hotel\/Unterkunft<\/p><\/div><\/div><\/div><\/div><\/div><div class=\"et_pb_column et_pb_column_1_2 et_pb_column_6 et_pb_css_mix_blend_mode_passthrough et-last-child\"><div class=\"et_pb_module et_pb_text et_pb_text_0 et_pb_text_align_left et_pb_bg_layout_light\"><div class=\"et_pb_text_inner\"><p><strong>Pl\u00e4tze f\u00fcr Abholung und R\u00fcckgabe verf\u00fcgbar:<br><\/strong>Wir passen die Anzahl der Pl\u00e4tze je nach Anzahl der gebuchten Personen an.<\/p><p><strong>Gibt es verschiedene Abhol- und R\u00fcckgabestellen?<br><\/strong>Hotel\/Unterkunft<br>Wenn der Kunde es w\u00fcnscht, kann er an einem Ort seiner Wahl abgesetzt werden, immer innerhalb der festgelegten Route.<\/p><p><strong>Verf\u00fcgbarkeit<\/strong>: jeden Tag des Jahres<\/p><p><strong>Sperrfrist f\u00fcr Reservierungen<\/strong>: 24 Stunden<\/p><p><strong>Maximale Teilnehmerzahl<\/strong>:<br>Die Anzahl der Fahrzeuge h\u00e4ngt von der Anzahl der Teilnehmer ab.<\/p><\/div><\/div><\/div><\/div><\/div><\/div><\/div><\/div><\/div><\/div><\/div><\/div><\/div>\t\t\t\t\t\t\t\t<\/div>\n\t\t\t\t<\/div>\n\t\t\t\t\t<\/div>\n\t\t\t\t<\/div>\n\t\t\t\t<\/div>\n\t\t<div id=\"e-n-tab-content-11920023853\" role=\"tabpanel\" aria-labelledby=\"e-n-tab-title-11920023853\" data-tab-index=\"3\" style=\"--n-tabs-title-order: 3;\" class=\" elementor-element elementor-element-3775d8c5 e-con-full e-flex e-con e-child\" data-id=\"3775d8c5\" data-element_type=\"container\" data-e-type=\"container\">\n\t\t\t\t<div class=\"elementor-element elementor-element-f8d1dff elementor-widget elementor-widget-text-editor\" data-id=\"f8d1dff\" data-element_type=\"widget\" data-e-type=\"widget\" data-widget_type=\"text-editor.default\">\n\t\t\t\t<div class=\"elementor-widget-container\">\n\t\t\t\t\t\t\t\t\t<p><strong>Abfahrten von Hotels im Norden oder S\u00fcden der Insel:<br><\/strong>Abholzeit nach Absprache mit dem Kunden.<br>Dauer: 5 Stunden.<br>Verf\u00fcgbare Sprachen: Spanisch, Englisch. Italienisch<br>Andere Sprachen auf Anfrage <\/p><p><strong>Abfahrten von Kreuzfahrtschiffen aus dem Hafen von Santa Cruz de Tenerife:<br><\/strong>Abholzeit nach Absprache mit dem Kunden.<br>Dauer: 5 Stunden.<br>Verf\u00fcgbare Sprachen: Spanisch, Englisch. Italienisch<br>Andere Sprachen auf Anfrage <\/p><p><strong>Wann soll ich buchen?<\/strong><br>Buchen Sie so fr\u00fch wie m\u00f6glich, um die Verf\u00fcgbarkeit zu gew\u00e4hrleisten, insbesondere an langen Wochenenden und Feiertagen.<\/p><p>Buchungen k\u00f6nnen je nach Verf\u00fcgbarkeit bis zu 2 Tage im Voraus (Teneriffa-Zeit) vorgenommen werden.<\/p><p><strong>Voucher<\/strong>:<br>Wir schicken Ihnen eine E-Mail mit einem Gutschein, den Sie ausdrucken oder zu der Aktivit\u00e4t mitnehmen k\u00f6nnen.<\/p>\t\t\t\t\t\t\t\t<\/div>\n\t\t\t\t<\/div>\n\t\t\t\t<\/div>\n\t\t<div id=\"e-n-tab-content-11920023854\" role=\"tabpanel\" aria-labelledby=\"e-n-tab-title-11920023854\" data-tab-index=\"4\" style=\"--n-tabs-title-order: 4;\" class=\" elementor-element elementor-element-593454c e-con-full e-flex e-con e-child\" data-id=\"593454c\" data-element_type=\"container\" data-e-type=\"container\">\n\t\t\t\t<div class=\"elementor-element elementor-element-65fcdd1 elementor-widget elementor-widget-text-editor\" data-id=\"65fcdd1\" data-element_type=\"widget\" data-e-type=\"widget\" data-widget_type=\"text-editor.default\">\n\t\t\t\t<div class=\"elementor-widget-container\">\n\t\t\t\t\t\t\t\t\t<div class=\"et_pb_module et_pb_text et_pb_text_1 et_pb_text_align_left et_pb_bg_layout_light\"><div class=\"et_pb_text_inner\"><p>Kostenlose Stornierung bis zu 24 Stunden im Voraus.<\/p><\/div><\/div>\t\t\t\t\t\t\t\t<\/div>\n\t\t\t\t<\/div>\n\t\t\t\t<\/div>\n\t\t\t\t\t<\/div>\n\t\t<\/div>\n\t\t\t\t\t\t<\/div>\n\t\t\t\t<\/div>\n\t\t\t\t\t<\/div>\n\t\t\t\t<\/div>\n\t\t<div class=\"elementor-element elementor-element-4bfd8cac e-flex e-con-boxed e-con e-parent\" data-id=\"4bfd8cac\" data-element_type=\"container\" data-e-type=\"container\">\n\t\t\t\t\t<div class=\"e-con-inner\">\n\t\t\t\t<div class=\"elementor-element elementor-element-1cec9cd1 elementor-widget elementor-widget-tourmbutton\" data-id=\"1cec9cd1\" data-element_type=\"widget\" data-e-type=\"widget\" data-widget_type=\"tourmbutton.default\">\n\t\t\t\t<div class=\"elementor-widget-container\">\n\t\t\t\t\t<div class=\"btn-wrapper\"><a class=\"th-btn th_btn th-icon style7 \" href=\"#reservar\">Jetzt buchen<\/a><\/div>\t\t\t\t<\/div>\n\t\t\t\t<\/div>\n\t\t\t\t\t<\/div>\n\t\t\t\t<\/div>\n\t\t\t\t<\/div>\n\t\t","protected":false},"excerpt":{"rendered":"<p>Exklusive Exkursion zum Berg Teide: ein Erlebnis \u00e0 la carte Entdecken Sie den Pico del Teide, den h\u00f6chsten Berg Spaniens mit einer H\u00f6he von 3.718 Metern, auf einem exklusiven Ausflug, der nur f\u00fcr Sie bestimmt ist. Mit unseren Fahrern und Reiseleitern reisen Sie durch eines der von der UNESCO anerkannten Weltnaturerbegebiete, in dem die Natur&#8230;<\/p>\n","protected":false},"author":1,"featured_media":6466,"comment_status":"open","ping_status":"closed","template":"","destination":[],"activities":[136,104],"trip_types":[],"difficulty":[],"trip_tag":[],"class_list":["post-6778","trip","type-trip","status-publish","has-post-thumbnail","hentry","activities-erlebnisse","activities-natur"],"packages_ids":"","trip_extras":[],"cut_off_time":{"enabled":false,"duration":0,"duration_unit":"days"},"booked-seats":[],"yoast_head":"<!-- This site is optimized with the Yoast SEO Premium plugin v22.4 (Yoast SEO v28.3) - https:\/\/yoast.com\/product\/yoast-seo-premium-wordpress\/ -->\n<title>Privater Ausflug zum Nationalpark El Teide - Tenerife Top Tours<\/title>\n<meta name=\"robots\" content=\"index, follow, max-snippet:-1, max-image-preview:large, max-video-preview:-1\" \/>\n<link rel=\"canonical\" href=\"https:\/\/tenerifetoptours.com\/de\/trip\/privater-ausflug-zum-nationalpark-el-teide\/\" \/>\n<meta property=\"og:locale\" content=\"de_DE\" \/>\n<meta property=\"og:type\" content=\"article\" \/>\n<meta property=\"og:title\" content=\"Privater Ausflug zum Nationalpark El Teide\" \/>\n<meta property=\"og:description\" content=\"Exklusive Exkursion zum Berg Teide: ein Erlebnis \u00e0 la carte Entdecken Sie den Pico del Teide, den h\u00f6chsten Berg Spaniens mit einer H\u00f6he von 3.718 Metern, auf einem exklusiven Ausflug, der nur f\u00fcr Sie bestimmt ist. Mit unseren Fahrern und Reiseleitern reisen Sie durch eines der von der UNESCO anerkannten Weltnaturerbegebiete, in dem die Natur...\" \/>\n<meta property=\"og:url\" content=\"https:\/\/tenerifetoptours.com\/de\/trip\/privater-ausflug-zum-nationalpark-el-teide\/\" \/>\n<meta property=\"og:site_name\" content=\"Tenerife Top Tours\" \/>\n<meta property=\"article:modified_time\" content=\"2025-03-26T11:51:17+00:00\" \/>\n<meta property=\"og:image\" content=\"https:\/\/tenerifetoptours.com\/wp-content\/uploads\/2025\/03\/pn-el-teide-3.jpg\" \/>\n\t<meta property=\"og:image:width\" content=\"1920\" \/>\n\t<meta property=\"og:image:height\" content=\"900\" \/>\n\t<meta property=\"og:image:type\" content=\"image\/jpeg\" \/>\n<meta name=\"twitter:card\" content=\"summary_large_image\" \/>\n<meta name=\"twitter:label1\" content=\"Gesch\u00e4tzte Lesezeit\" \/>\n\t<meta name=\"twitter:data1\" content=\"5\u00a0Minuten\" \/>\n<script type=\"application\/ld+json\" class=\"yoast-schema-graph\">{\"@context\":\"https:\\\/\\\/schema.org\",\"@graph\":[{\"@type\":\"WebPage\",\"@id\":\"https:\\\/\\\/tenerifetoptours.com\\\/de\\\/trip\\\/privater-ausflug-zum-nationalpark-el-teide\\\/\",\"url\":\"https:\\\/\\\/tenerifetoptours.com\\\/de\\\/trip\\\/privater-ausflug-zum-nationalpark-el-teide\\\/\",\"name\":\"Privater Ausflug zum Nationalpark El Teide - Tenerife Top Tours\",\"isPartOf\":{\"@id\":\"https:\\\/\\\/tenerifetoptours.com\\\/de\\\/#website\"},\"primaryImageOfPage\":{\"@id\":\"https:\\\/\\\/tenerifetoptours.com\\\/de\\\/trip\\\/privater-ausflug-zum-nationalpark-el-teide\\\/#primaryimage\"},\"image\":{\"@id\":\"https:\\\/\\\/tenerifetoptours.com\\\/de\\\/trip\\\/privater-ausflug-zum-nationalpark-el-teide\\\/#primaryimage\"},\"thumbnailUrl\":\"https:\\\/\\\/tenerifetoptours.com\\\/wp-content\\\/uploads\\\/2025\\\/03\\\/pn-el-teide-3.jpg\",\"datePublished\":\"2025-03-13T18:09:44+00:00\",\"dateModified\":\"2025-03-26T11:51:17+00:00\",\"breadcrumb\":{\"@id\":\"https:\\\/\\\/tenerifetoptours.com\\\/de\\\/trip\\\/privater-ausflug-zum-nationalpark-el-teide\\\/#breadcrumb\"},\"inLanguage\":\"de\",\"potentialAction\":[{\"@type\":\"ReadAction\",\"target\":[\"https:\\\/\\\/tenerifetoptours.com\\\/de\\\/trip\\\/privater-ausflug-zum-nationalpark-el-teide\\\/\"]}]},{\"@type\":\"ImageObject\",\"inLanguage\":\"de\",\"@id\":\"https:\\\/\\\/tenerifetoptours.com\\\/de\\\/trip\\\/privater-ausflug-zum-nationalpark-el-teide\\\/#primaryimage\",\"url\":\"https:\\\/\\\/tenerifetoptours.com\\\/wp-content\\\/uploads\\\/2025\\\/03\\\/pn-el-teide-3.jpg\",\"contentUrl\":\"https:\\\/\\\/tenerifetoptours.com\\\/wp-content\\\/uploads\\\/2025\\\/03\\\/pn-el-teide-3.jpg\",\"width\":1920,\"height\":900},{\"@type\":\"BreadcrumbList\",\"@id\":\"https:\\\/\\\/tenerifetoptours.com\\\/de\\\/trip\\\/privater-ausflug-zum-nationalpark-el-teide\\\/#breadcrumb\",\"itemListElement\":[{\"@type\":\"ListItem\",\"position\":1,\"name\":\"Portada\",\"item\":\"https:\\\/\\\/tenerifetoptours.com\\\/de\\\/\"},{\"@type\":\"ListItem\",\"position\":2,\"name\":\"Trips\",\"item\":\"https:\\\/\\\/tenerifetoptours.com\\\/de\\\/trip\\\/\"},{\"@type\":\"ListItem\",\"position\":3,\"name\":\"Privater Ausflug zum Nationalpark El Teide\"}]},{\"@type\":\"WebSite\",\"@id\":\"https:\\\/\\\/tenerifetoptours.com\\\/de\\\/#website\",\"url\":\"https:\\\/\\\/tenerifetoptours.com\\\/de\\\/\",\"name\":\"Tenerife Top Tours\",\"description\":\"Descubre Tenerife con nuestra empresa en Adeje: gesti\u00f3n de eventos, excursiones \u00fanicas y tours personalizados en el sur de la isla. \u00a1Haz tu experiencia inolvidable!\",\"publisher\":{\"@id\":\"https:\\\/\\\/tenerifetoptours.com\\\/de\\\/#organization\"},\"potentialAction\":[{\"@type\":\"SearchAction\",\"target\":{\"@type\":\"EntryPoint\",\"urlTemplate\":\"https:\\\/\\\/tenerifetoptours.com\\\/de\\\/?s={search_term_string}\"},\"query-input\":{\"@type\":\"PropertyValueSpecification\",\"valueRequired\":true,\"valueName\":\"search_term_string\"}}],\"inLanguage\":\"de\"},{\"@type\":[\"Organization\",\"Place\"],\"@id\":\"https:\\\/\\\/tenerifetoptours.com\\\/de\\\/#organization\",\"name\":\"Tenerife Top Tours\",\"alternateName\":\"Tenerife Top Tours\",\"url\":\"https:\\\/\\\/tenerifetoptours.com\\\/de\\\/\",\"logo\":{\"@id\":\"https:\\\/\\\/tenerifetoptours.com\\\/de\\\/trip\\\/privater-ausflug-zum-nationalpark-el-teide\\\/#local-main-organization-logo\"},\"image\":{\"@id\":\"https:\\\/\\\/tenerifetoptours.com\\\/de\\\/trip\\\/privater-ausflug-zum-nationalpark-el-teide\\\/#local-main-organization-logo\"},\"description\":\"\u00a1Vive la emoci\u00f3n de descubrir y explorar cada rinc\u00f3n de Tenerife! Planea tu viaje con la amplia variedad de experiencias que te ofrecemos en Tenerife Top Tours Wine Tour + El Teide RESERVAR Excursi\u00f3n privada al Parque Nacional de El Teide RESERVAR\",\"address\":{\"@id\":\"https:\\\/\\\/tenerifetoptours.com\\\/de\\\/trip\\\/privater-ausflug-zum-nationalpark-el-teide\\\/#local-main-place-address\"},\"telephone\":[\"0034 922 780 078\"],\"contactPoint\":{\"@type\":\"ContactPoint\",\"telephone\":\"0034 922 780 078\",\"email\":\"info@tenerifetoptours.com\"},\"openingHoursSpecification\":[{\"@type\":\"OpeningHoursSpecification\",\"dayOfWeek\":[\"Monday\",\"Tuesday\",\"Wednesday\",\"Thursday\",\"Friday\",\"Saturday\",\"Sunday\"],\"opens\":\"09:00\",\"closes\":\"17:00\"}],\"email\":\"info@tenerifetoptours.com\"},{\"@type\":\"PostalAddress\",\"@id\":\"https:\\\/\\\/tenerifetoptours.com\\\/de\\\/trip\\\/privater-ausflug-zum-nationalpark-el-teide\\\/#local-main-place-address\",\"streetAddress\":\"C\\\/ de los Molinos, 46\",\"addressLocality\":\"Costa Adeje\",\"postalCode\":\"38670\",\"addressRegion\":\"Santa Cruz de Tenerife\",\"addressCountry\":\"ES\"},{\"@type\":\"ImageObject\",\"inLanguage\":\"de\",\"@id\":\"https:\\\/\\\/tenerifetoptours.com\\\/de\\\/trip\\\/privater-ausflug-zum-nationalpark-el-teide\\\/#local-main-organization-logo\",\"url\":\"https:\\\/\\\/tenerifetoptours.com\\\/wp-content\\\/uploads\\\/2024\\\/12\\\/favicon.png\",\"contentUrl\":\"https:\\\/\\\/tenerifetoptours.com\\\/wp-content\\\/uploads\\\/2024\\\/12\\\/favicon.png\",\"width\":540,\"height\":540,\"caption\":\"Tenerife Top Tours\"}]}<\/script>\n<meta name=\"geo.placename\" content=\"Costa Adeje\" \/>\n<meta name=\"geo.region\" content=\"Spanien\" \/>\n<!-- \/ Yoast SEO Premium plugin. -->","yoast_head_json":{"title":"Privater Ausflug zum Nationalpark El Teide - Tenerife Top Tours","robots":{"index":"index","follow":"follow","max-snippet":"max-snippet:-1","max-image-preview":"max-image-preview:large","max-video-preview":"max-video-preview:-1"},"canonical":"https:\/\/tenerifetoptours.com\/de\/trip\/privater-ausflug-zum-nationalpark-el-teide\/","og_locale":"de_DE","og_type":"article","og_title":"Privater Ausflug zum Nationalpark El Teide","og_description":"Exklusive Exkursion zum Berg Teide: ein Erlebnis \u00e0 la carte Entdecken Sie den Pico del Teide, den h\u00f6chsten Berg Spaniens mit einer H\u00f6he von 3.718 Metern, auf einem exklusiven Ausflug, der nur f\u00fcr Sie bestimmt ist. Mit unseren Fahrern und Reiseleitern reisen Sie durch eines der von der UNESCO anerkannten Weltnaturerbegebiete, in dem die Natur...","og_url":"https:\/\/tenerifetoptours.com\/de\/trip\/privater-ausflug-zum-nationalpark-el-teide\/","og_site_name":"Tenerife Top Tours","article_modified_time":"2025-03-26T11:51:17+00:00","og_image":[{"width":1920,"height":900,"url":"https:\/\/tenerifetoptours.com\/wp-content\/uploads\/2025\/03\/pn-el-teide-3.jpg","type":"image\/jpeg"}],"twitter_card":"summary_large_image","twitter_misc":{"Gesch\u00e4tzte Lesezeit":"5\u00a0Minuten"},"schema":{"@context":"https:\/\/schema.org","@graph":[{"@type":"WebPage","@id":"https:\/\/tenerifetoptours.com\/de\/trip\/privater-ausflug-zum-nationalpark-el-teide\/","url":"https:\/\/tenerifetoptours.com\/de\/trip\/privater-ausflug-zum-nationalpark-el-teide\/","name":"Privater Ausflug zum Nationalpark El Teide - Tenerife Top Tours","isPartOf":{"@id":"https:\/\/tenerifetoptours.com\/de\/#website"},"primaryImageOfPage":{"@id":"https:\/\/tenerifetoptours.com\/de\/trip\/privater-ausflug-zum-nationalpark-el-teide\/#primaryimage"},"image":{"@id":"https:\/\/tenerifetoptours.com\/de\/trip\/privater-ausflug-zum-nationalpark-el-teide\/#primaryimage"},"thumbnailUrl":"https:\/\/tenerifetoptours.com\/wp-content\/uploads\/2025\/03\/pn-el-teide-3.jpg","datePublished":"2025-03-13T18:09:44+00:00","dateModified":"2025-03-26T11:51:17+00:00","breadcrumb":{"@id":"https:\/\/tenerifetoptours.com\/de\/trip\/privater-ausflug-zum-nationalpark-el-teide\/#breadcrumb"},"inLanguage":"de","potentialAction":[{"@type":"ReadAction","target":["https:\/\/tenerifetoptours.com\/de\/trip\/privater-ausflug-zum-nationalpark-el-teide\/"]}]},{"@type":"ImageObject","inLanguage":"de","@id":"https:\/\/tenerifetoptours.com\/de\/trip\/privater-ausflug-zum-nationalpark-el-teide\/#primaryimage","url":"https:\/\/tenerifetoptours.com\/wp-content\/uploads\/2025\/03\/pn-el-teide-3.jpg","contentUrl":"https:\/\/tenerifetoptours.com\/wp-content\/uploads\/2025\/03\/pn-el-teide-3.jpg","width":1920,"height":900},{"@type":"BreadcrumbList","@id":"https:\/\/tenerifetoptours.com\/de\/trip\/privater-ausflug-zum-nationalpark-el-teide\/#breadcrumb","itemListElement":[{"@type":"ListItem","position":1,"name":"Portada","item":"https:\/\/tenerifetoptours.com\/de\/"},{"@type":"ListItem","position":2,"name":"Trips","item":"https:\/\/tenerifetoptours.com\/de\/trip\/"},{"@type":"ListItem","position":3,"name":"Privater Ausflug zum Nationalpark El Teide"}]},{"@type":"WebSite","@id":"https:\/\/tenerifetoptours.com\/de\/#website","url":"https:\/\/tenerifetoptours.com\/de\/","name":"Tenerife Top Tours","description":"Descubre Tenerife con nuestra empresa en Adeje: gesti\u00f3n de eventos, excursiones \u00fanicas y tours personalizados en el sur de la isla. \u00a1Haz tu experiencia inolvidable!","publisher":{"@id":"https:\/\/tenerifetoptours.com\/de\/#organization"},"potentialAction":[{"@type":"SearchAction","target":{"@type":"EntryPoint","urlTemplate":"https:\/\/tenerifetoptours.com\/de\/?s={search_term_string}"},"query-input":{"@type":"PropertyValueSpecification","valueRequired":true,"valueName":"search_term_string"}}],"inLanguage":"de"},{"@type":["Organization","Place"],"@id":"https:\/\/tenerifetoptours.com\/de\/#organization","name":"Tenerife Top Tours","alternateName":"Tenerife Top Tours","url":"https:\/\/tenerifetoptours.com\/de\/","logo":{"@id":"https:\/\/tenerifetoptours.com\/de\/trip\/privater-ausflug-zum-nationalpark-el-teide\/#local-main-organization-logo"},"image":{"@id":"https:\/\/tenerifetoptours.com\/de\/trip\/privater-ausflug-zum-nationalpark-el-teide\/#local-main-organization-logo"},"description":"\u00a1Vive la emoci\u00f3n de descubrir y explorar cada rinc\u00f3n de Tenerife! Planea tu viaje con la amplia variedad de experiencias que te ofrecemos en Tenerife Top Tours Wine Tour + El Teide RESERVAR Excursi\u00f3n privada al Parque Nacional de El Teide RESERVAR","address":{"@id":"https:\/\/tenerifetoptours.com\/de\/trip\/privater-ausflug-zum-nationalpark-el-teide\/#local-main-place-address"},"telephone":["0034 922 780 078"],"contactPoint":{"@type":"ContactPoint","telephone":"0034 922 780 078","email":"info@tenerifetoptours.com"},"openingHoursSpecification":[{"@type":"OpeningHoursSpecification","dayOfWeek":["Monday","Tuesday","Wednesday","Thursday","Friday","Saturday","Sunday"],"opens":"09:00","closes":"17:00"}],"email":"info@tenerifetoptours.com"},{"@type":"PostalAddress","@id":"https:\/\/tenerifetoptours.com\/de\/trip\/privater-ausflug-zum-nationalpark-el-teide\/#local-main-place-address","streetAddress":"C\/ de los Molinos, 46","addressLocality":"Costa Adeje","postalCode":"38670","addressRegion":"Santa Cruz de Tenerife","addressCountry":"ES"},{"@type":"ImageObject","inLanguage":"de","@id":"https:\/\/tenerifetoptours.com\/de\/trip\/privater-ausflug-zum-nationalpark-el-teide\/#local-main-organization-logo","url":"https:\/\/tenerifetoptours.com\/wp-content\/uploads\/2024\/12\/favicon.png","contentUrl":"https:\/\/tenerifetoptours.com\/wp-content\/uploads\/2024\/12\/favicon.png","width":540,"height":540,"caption":"Tenerife Top Tours"}]},"geo.placename":"Costa Adeje","geo.region":"Spanien"},"jetpack_sharing_enabled":true,"code":"WTE-6778","price":"","has_sale":false,"sale_price":"","discount_percent":0,"currency":{"code":"EUR","symbol":"&euro;"},"duration":{"days":1,"nights":0,"duration_unit":"days","duration_type":"days"},"min_pax":"","max_pax":"","discount_value":0,"discount_label":null,"primary_category":0,"available_times":{"type":"default","items":["2021-1-01","2021-2-01","2021-3-01","2021-4-01","2021-5-01","2021-6-01","2021-7-01","2021-8-01","2021-9-01","2021-10-01","2021-11-01","2021-12-01"]},"description":"","cost_includes":"","cost_excludes":"","itineraries":[],"faqs":[],"is_featured":false,"featured_image":{"width":1920,"height":900,"file":"2025\/03\/pn-el-teide-3.jpg","filesize":362865,"sizes":{"medium":{"file":"pn-el-teide-3-300x141.jpg","width":300,"height":141,"filesize":14745,"mime_type":"image\/jpeg","source_url":"https:\/\/tenerifetoptours.com\/wp-content\/uploads\/2025\/03\/pn-el-teide-3-300x141.jpg"},"large":{"file":"pn-el-teide-3-1024x480.jpg","width":1024,"height":480,"filesize":112141,"mime_type":"image\/jpeg","source_url":"https:\/\/tenerifetoptours.com\/wp-content\/uploads\/2025\/03\/pn-el-teide-3-1024x480.jpg"},"thumbnail":{"file":"pn-el-teide-3-150x150.jpg","width":150,"height":150,"filesize":9910,"mime_type":"image\/jpeg","source_url":"https:\/\/tenerifetoptours.com\/wp-content\/uploads\/2025\/03\/pn-el-teide-3-150x150.jpg"},"medium_large":{"file":"pn-el-teide-3-768x360.jpg","width":768,"height":360,"filesize":66326,"mime_type":"image\/jpeg","source_url":"https:\/\/tenerifetoptours.com\/wp-content\/uploads\/2025\/03\/pn-el-teide-3-768x360.jpg"},"trip-thumb-size":{"file":"pn-el-teide-3-374x226.jpg","width":374,"height":226,"filesize":24843,"mime_type":"image\/jpeg","source_url":"https:\/\/tenerifetoptours.com\/wp-content\/uploads\/2025\/03\/pn-el-teide-3-374x226.jpg"},"destination-thumb-size":{"file":"pn-el-teide-3-600x810.jpg","width":600,"height":810,"filesize":102285,"mime_type":"image\/jpeg","source_url":"https:\/\/tenerifetoptours.com\/wp-content\/uploads\/2025\/03\/pn-el-teide-3-600x810.jpg"},"destination-thumb-trip-size":{"file":"pn-el-teide-3-410x250.jpg","width":410,"height":250,"filesize":28831,"mime_type":"image\/jpeg","source_url":"https:\/\/tenerifetoptours.com\/wp-content\/uploads\/2025\/03\/pn-el-teide-3-410x250.jpg"},"activities-thumb-size":{"file":"pn-el-teide-3-600x810.jpg","width":600,"height":810,"filesize":102285,"mime_type":"image\/jpeg","source_url":"https:\/\/tenerifetoptours.com\/wp-content\/uploads\/2025\/03\/pn-el-teide-3-600x810.jpg"},"trip-single-size":{"file":"pn-el-teide-3-990x490.jpg","width":990,"height":490,"filesize":111772,"mime_type":"image\/jpeg","source_url":"https:\/\/tenerifetoptours.com\/wp-content\/uploads\/2025\/03\/pn-el-teide-3-990x490.jpg"},"tourm_85X85":{"file":"pn-el-teide-3-85x85.jpg","width":85,"height":85,"filesize":6232,"mime_type":"image\/jpeg","source_url":"https:\/\/tenerifetoptours.com\/wp-content\/uploads\/2025\/03\/pn-el-teide-3-85x85.jpg"},"tourm_424X498":{"file":"pn-el-teide-3-424x498.jpg","width":424,"height":498,"filesize":50812,"mime_type":"image\/jpeg","source_url":"https:\/\/tenerifetoptours.com\/wp-content\/uploads\/2025\/03\/pn-el-teide-3-424x498.jpg"},"tourm_420X347":{"file":"pn-el-teide-3-420x347.jpg","width":420,"height":347,"filesize":37747,"mime_type":"image\/jpeg","source_url":"https:\/\/tenerifetoptours.com\/wp-content\/uploads\/2025\/03\/pn-el-teide-3-420x347.jpg"},"tourm_248X220":{"file":"pn-el-teide-3-248x220.jpg","width":248,"height":220,"filesize":17403,"mime_type":"image\/jpeg","source_url":"https:\/\/tenerifetoptours.com\/wp-content\/uploads\/2025\/03\/pn-el-teide-3-248x220.jpg"},"1536x1536":{"file":"pn-el-teide-3-1536x720.jpg","width":1536,"height":720,"filesize":229213,"mime_type":"image\/jpeg","source_url":"https:\/\/tenerifetoptours.com\/wp-content\/uploads\/2025\/03\/pn-el-teide-3-1536x720.jpg"},"tourm-shop-single":{"file":"pn-el-teide-3-580x580.jpg","width":580,"height":580,"filesize":77125,"mime_type":"image\/jpeg","source_url":"https:\/\/tenerifetoptours.com\/wp-content\/uploads\/2025\/03\/pn-el-teide-3-580x580.jpg"},"tourm-shop-thumb":{"file":"pn-el-teide-3-100x106.jpg","width":100,"height":106,"filesize":7132,"mime_type":"image\/jpeg","source_url":"https:\/\/tenerifetoptours.com\/wp-content\/uploads\/2025\/03\/pn-el-teide-3-100x106.jpg"},"tourm-shop-small-image":{"file":"pn-el-teide-3-294x312.jpg","width":294,"height":312,"filesize":25417,"mime_type":"image\/jpeg","source_url":"https:\/\/tenerifetoptours.com\/wp-content\/uploads\/2025\/03\/pn-el-teide-3-294x312.jpg"},"full":{"file":"pn-el-teide-3.jpg","width":1920,"height":900,"source_url":"https:\/\/tenerifetoptours.com\/wp-content\/uploads\/2025\/03\/pn-el-teide-3.jpg"}},"image_meta":{"aperture":"0","credit":"","camera":"","caption":"","created_timestamp":"0","copyright":"","focal_length":"0","iso":"0","shutter_speed":"0","title":"","orientation":"1","keywords":[]}},"_links":{"self":[{"href":"https:\/\/tenerifetoptours.com\/de\/wp-json\/wp\/v2\/trip\/6778","targetHints":{"allow":["GET"]}}],"collection":[{"href":"https:\/\/tenerifetoptours.com\/de\/wp-json\/wp\/v2\/trip"}],"about":[{"href":"https:\/\/tenerifetoptours.com\/de\/wp-json\/wp\/v2\/types\/trip"}],"author":[{"embeddable":true,"href":"https:\/\/tenerifetoptours.com\/de\/wp-json\/wp\/v2\/users\/1"}],"replies":[{"embeddable":true,"href":"https:\/\/tenerifetoptours.com\/de\/wp-json\/wp\/v2\/comments?post=6778"}],"version-history":[{"count":4,"href":"https:\/\/tenerifetoptours.com\/de\/wp-json\/wp\/v2\/trip\/6778\/revisions"}],"predecessor-version":[{"id":6782,"href":"https:\/\/tenerifetoptours.com\/de\/wp-json\/wp\/v2\/trip\/6778\/revisions\/6782"}],"wp:featuredmedia":[{"embeddable":true,"href":"https:\/\/tenerifetoptours.com\/de\/wp-json\/wp\/v2\/media\/6466"}],"wp:attachment":[{"href":"https:\/\/tenerifetoptours.com\/de\/wp-json\/wp\/v2\/media?parent=6778"}],"wp:term":[{"taxonomy":"destination","embeddable":true,"href":"https:\/\/tenerifetoptours.com\/de\/wp-json\/wp\/v2\/destination?post=6778"},{"taxonomy":"activities","embeddable":true,"href":"https:\/\/tenerifetoptours.com\/de\/wp-json\/wp\/v2\/activities?post=6778"},{"taxonomy":"trip_types","embeddable":true,"href":"https:\/\/tenerifetoptours.com\/de\/wp-json\/wp\/v2\/trip_types?post=6778"},{"taxonomy":"difficulty","embeddable":true,"href":"https:\/\/tenerifetoptours.com\/de\/wp-json\/wp\/v2\/difficulty?post=6778"},{"taxonomy":"trip_tag","embeddable":true,"href":"https:\/\/tenerifetoptours.com\/de\/wp-json\/wp\/v2\/trip_tag?post=6778"}],"curies":[{"name":"wp","href":"https:\/\/api.w.org\/{rel}","templated":true}]}}